{"id":11329,"date":"2017-05-29T09:11:59","date_gmt":"2017-05-29T08:11:59","guid":{"rendered":"http:\/\/www.obrallar.com\/blog\/"},"modified":"2017-11-22T11:56:53","modified_gmt":"2017-11-22T09:56:53","slug":"blog","status":"publish","type":"page","link":"https:\/\/www.obrallar.com\/es\/blog\/","title":{"rendered":"Blog"},"content":{"rendered":"<style type=\"text\/css\"> \n#cmsmasters_row_69f4411c466301_87543160 .cmsmasters_row_outer_parent { \n\tpadding-top: 0px; \n} \n\n#cmsmasters_row_69f4411c466301_87543160 .cmsmasters_row_outer_parent { \n\tpadding-bottom: 50px; \n} \n\n<\/style><div id=\"cmsmasters_row_69f4411c466301_87543160\" class=\"cmsmasters_row cmsmasters_color_scheme_default cmsmasters_row_top_default cmsmasters_row_bot_default cmsmasters_row_boxed\">\n<div class=\"cmsmasters_row_outer_parent\">\n<div class=\"cmsmasters_row_outer\">\n<div class=\"cmsmasters_row_inner\">\n<div class=\"cmsmasters_row_margin\">\n<div class=\"cmsmasters_column one_first\">\n<div class=\"cmsmasters_wrap_blog entry-summary\" id=\"blog_69f4411c47642\"><script type=\"text\/javascript\">\njQuery(document).ready(function () {\n(function ($) {\n\tif ($('#blog_69f4411c47642').find('article').length == '0') {\n\t\treturn false;\n\t}\n\t\n\n\tstartBlog( \n\t\t'69f4411c47642', \n\t\t'columns', \n\t\t'grid', \n\t\t'https:\/\/www.obrallar.com\/wp-content\/plugins\/cmsmasters-content-composer\/', \n\t\t'date', \n\t\t'DESC', \n\t\t'12', \n\t\t'', \n\t\t'date,categories,author,comments,likes,more' \n\t);\n} )(jQuery);\n} );\n<\/script>\n<div class=\"blog columns grid cmsmasters_2\">\n<!-- Start Standard Article -->\n\n<article id=\"post-11729\" class=\"cmsmasters_post_masonry post-11729 post type-post status-publish format-standard has-post-thumbnail hentry category-sin-categorizar\" data-category=\"sin-categorizar\">\n\t<div class=\"cmsmasters_post_cont\">\n\t<figure class=\"cmsmasters_img_wrap\"><a href=\"https:\/\/www.obrallar.com\/es\/la-nueva-tecnologia-lifi-conexion-a-internet-a-traves-de-luz-visible\/\" title=\"LA NUEVA TECNOLOG\u00cdA LIFI, CONEXI\u00d3N A INTERNET A TRAV\u00c9S DE LUZ VISIBLE.\" class=\"cmsmasters_img_link preloader\"><img loading=\"lazy\" decoding=\"async\" width=\"450\" height=\"245\" src=\"https:\/\/www.obrallar.com\/wp-content\/uploads\/2018\/06\/LIFI_tecnologia_manresa_obrallar.png\" class=\"full-width wp-post-image\" alt=\"LA NUEVA TECNOLOG\u00cdA LIFI, CONEXI\u00d3N A INTERNET A TRAV\u00c9S DE LUZ VISIBLE.\" title=\"LA NUEVA TECNOLOG\u00cdA LIFI, CONEXI\u00d3N A INTERNET A TRAV\u00c9S DE LUZ VISIBLE.\" srcset=\"https:\/\/www.obrallar.com\/wp-content\/uploads\/2018\/06\/LIFI_tecnologia_manresa_obrallar.png 450w, https:\/\/www.obrallar.com\/wp-content\/uploads\/2018\/06\/LIFI_tecnologia_manresa_obrallar-300x163.png 300w\" sizes=\"auto, (max-width: 450px) 100vw, 450px\" \/><\/a><\/figure><div class=\"cmsmasters_post_cont_info entry-meta\"><span class=\"cmsmasters_post_user_name\">By <a href=\"https:\/\/www.obrallar.com\/es\/author\/admin-istrador\/\" title=\"Posts by admin-istrador\" class=\"vcard author\"><span class=\"fn\">admin-istrador<\/span><\/a><\/span><span class=\"cmsmasters_post_category\">In <a href=\"https:\/\/www.obrallar.com\/es\/category\/sin-categorizar\/\" class=\"cmsmasters_cat_color cmsmasters_cat_35\" rel=\"category tag\">Sin categorizar<\/a><\/span><\/div><header class=\"cmsmasters_post_header entry-header\"><h4 class=\"cmsmasters_post_title entry-title\"><a href=\"https:\/\/www.obrallar.com\/es\/la-nueva-tecnologia-lifi-conexion-a-internet-a-traves-de-luz-visible\/\">LA NUEVA TECNOLOG\u00cdA LIFI, CONEXI\u00d3N A INTERNET A TRAV\u00c9S DE LUZ VISIBLE.<\/a><\/h4><\/header><div class=\"cmsmasters_post_body_info\"><div class=\"cmsmasters_post_meta_info\"><a href=\"#\" onclick=\"cmsmasters_like(11729); return false;\" id=\"cmsmastersLike-11729\" class=\"cmsmastersLike cmsmasters_theme_icon_like\"><span>0<\/span><\/a><a class=\"cmsmasters_post_comments cmsmasters_theme_icon_comment\" href=\"https:\/\/www.obrallar.com\/es\/la-nueva-tecnologia-lifi-conexion-a-internet-a-traves-de-luz-visible\/#respond\" title=\"Comment on LA NUEVA TECNOLOG\u00cdA LIFI, CONEXI\u00d3N A INTERNET A TRAV\u00c9S DE LUZ VISIBLE.\"><span>0<\/span><\/a><\/div><span class=\"cmsmasters_post_date\"><abbr class=\"published\" title=\"07\/06\/2018\">07\/06\/2018<\/abbr><abbr class=\"dn date updated\" title=\"07\/06\/2018\">07\/06\/2018<\/abbr><\/span><\/div><div class=\"cmsmasters_post_content entry-content\">\n<p>Mucho se ha hablado en los \u00faltimos a\u00f1os de la nueva tecnolog\u00eda que podr\u00eda sustituir el WIFI, y como sab\u00e9is Obrallar queremos estar el d\u00eda de las novedades tecnol\u00f3gicas y esta podr\u00eda ser una de las m\u00e1s interesantes actualmente en...<\/p>\n<\/div>\n<footer class=\"cmsmasters_post_footer entry-meta\"><a class=\"cmsmasters_link_line\" href=\"https:\/\/www.obrallar.com\/es\/la-nueva-tecnologia-lifi-conexion-a-internet-a-traves-de-luz-visible\/\">Read more<\/a><\/footer>\t<\/div>\n<\/article>\n<!-- Finish Standard Article -->\n\n\n<!-- Start Standard Article -->\n\n<article id=\"post-11701\" class=\"cmsmasters_post_masonry post-11701 post type-post status-publish format-standard has-post-thumbnail hentry category-sin-categorizar\" data-category=\"sin-categorizar\">\n\t<div class=\"cmsmasters_post_cont\">\n\t<figure class=\"cmsmasters_img_wrap\"><a href=\"https:\/\/www.obrallar.com\/es\/que-es-la-aerotermia\/\" title=\"\u00bfQue \u00e9s la aerotermia?\" class=\"cmsmasters_img_link preloader\"><img loading=\"lazy\" decoding=\"async\" width=\"450\" height=\"245\" src=\"https:\/\/www.obrallar.com\/wp-content\/uploads\/2018\/03\/aerotermia_obrallar_manresa_1-1.png\" class=\"full-width wp-post-image\" alt=\"\u00bfQue \u00e9s la aerotermia?\" title=\"\u00bfQue \u00e9s la aerotermia?\" srcset=\"https:\/\/www.obrallar.com\/wp-content\/uploads\/2018\/03\/aerotermia_obrallar_manresa_1-1.png 450w, https:\/\/www.obrallar.com\/wp-content\/uploads\/2018\/03\/aerotermia_obrallar_manresa_1-1-300x163.png 300w\" sizes=\"auto, (max-width: 450px) 100vw, 450px\" \/><\/a><\/figure><div class=\"cmsmasters_post_cont_info entry-meta\"><span class=\"cmsmasters_post_user_name\">By <a href=\"https:\/\/www.obrallar.com\/es\/author\/admin-istrador\/\" title=\"Posts by admin-istrador\" class=\"vcard author\"><span class=\"fn\">admin-istrador<\/span><\/a><\/span><span class=\"cmsmasters_post_category\">In <a href=\"https:\/\/www.obrallar.com\/es\/category\/sin-categorizar\/\" class=\"cmsmasters_cat_color cmsmasters_cat_35\" rel=\"category tag\">Sin categorizar<\/a><\/span><\/div><header class=\"cmsmasters_post_header entry-header\"><h4 class=\"cmsmasters_post_title entry-title\"><a href=\"https:\/\/www.obrallar.com\/es\/que-es-la-aerotermia\/\">\u00bfQue \u00e9s la aerotermia?<\/a><\/h4><\/header><div class=\"cmsmasters_post_body_info\"><div class=\"cmsmasters_post_meta_info\"><a href=\"#\" onclick=\"cmsmasters_like(11701); return false;\" id=\"cmsmastersLike-11701\" class=\"cmsmastersLike cmsmasters_theme_icon_like\"><span>0<\/span><\/a><a class=\"cmsmasters_post_comments cmsmasters_theme_icon_comment\" href=\"https:\/\/www.obrallar.com\/es\/que-es-la-aerotermia\/#respond\" title=\"Comment on \u00bfQue \u00e9s la aerotermia?\"><span>0<\/span><\/a><\/div><span class=\"cmsmasters_post_date\"><abbr class=\"published\" title=\"13\/03\/2018\">13\/03\/2018<\/abbr><abbr class=\"dn date updated\" title=\"13\/03\/2018\">13\/03\/2018<\/abbr><\/span><\/div><div class=\"cmsmasters_post_content entry-content\">\n<p>Desde hace un tiempo has escuchado este t\u00e9rmino varias veces: Aerot\u00e8rmia. Suena en conversaciones, en la televisi\u00f3n, internet &#8230; Pero qu\u00e9 es la aerotermia? \u00bfC\u00f3mo funciona? No te preocupes, te explicamos de qu\u00e9 va todo este tema de la aerotermia...<\/p>\n<\/div>\n<footer class=\"cmsmasters_post_footer entry-meta\"><a class=\"cmsmasters_link_line\" href=\"https:\/\/www.obrallar.com\/es\/que-es-la-aerotermia\/\">Read more<\/a><\/footer>\t<\/div>\n<\/article>\n<!-- Finish Standard Article -->\n\n\n<!-- Start Standard Article -->\n\n<article id=\"post-11660\" class=\"cmsmasters_post_masonry post-11660 post type-post status-publish format-standard has-post-thumbnail hentry category-sin-categorizar\" data-category=\"sin-categorizar\">\n\t<div class=\"cmsmasters_post_cont\">\n\t<figure class=\"cmsmasters_img_wrap\"><a href=\"https:\/\/www.obrallar.com\/es\/recta-final-para-remodelacion-mercado-sant-antoni-barcelona\/\" title=\"RECTA FINAL PARA LA REMODELACI\u00d3N DEL MERCADO DE SANT ANTONI DE BARCELONA\" class=\"cmsmasters_img_link preloader\"><img loading=\"lazy\" decoding=\"async\" width=\"450\" height=\"245\" src=\"https:\/\/www.obrallar.com\/wp-content\/uploads\/2018\/02\/mercat-sant-antoni-barcelona-01.jpg\" class=\"full-width wp-post-image\" alt=\"RECTA FINAL PARA LA REMODELACI\u00d3N DEL MERCADO DE SANT ANTONI DE BARCELONA\" title=\"RECTA FINAL PARA LA REMODELACI\u00d3N DEL MERCADO DE SANT ANTONI DE BARCELONA\" srcset=\"https:\/\/www.obrallar.com\/wp-content\/uploads\/2018\/02\/mercat-sant-antoni-barcelona-01.jpg 450w, https:\/\/www.obrallar.com\/wp-content\/uploads\/2018\/02\/mercat-sant-antoni-barcelona-01-300x163.jpg 300w\" sizes=\"auto, (max-width: 450px) 100vw, 450px\" \/><\/a><\/figure><div class=\"cmsmasters_post_cont_info entry-meta\"><span class=\"cmsmasters_post_user_name\">By <a href=\"https:\/\/www.obrallar.com\/es\/author\/admin-istrador\/\" title=\"Posts by admin-istrador\" class=\"vcard author\"><span class=\"fn\">admin-istrador<\/span><\/a><\/span><span class=\"cmsmasters_post_category\">In <a href=\"https:\/\/www.obrallar.com\/es\/category\/sin-categorizar\/\" class=\"cmsmasters_cat_color cmsmasters_cat_35\" rel=\"category tag\">Sin categorizar<\/a><\/span><\/div><header class=\"cmsmasters_post_header entry-header\"><h4 class=\"cmsmasters_post_title entry-title\"><a href=\"https:\/\/www.obrallar.com\/es\/recta-final-para-remodelacion-mercado-sant-antoni-barcelona\/\">RECTA FINAL PARA LA REMODELACI\u00d3N DEL MERCADO DE SANT ANTONI DE BARCELONA<\/a><\/h4><\/header><div class=\"cmsmasters_post_body_info\"><div class=\"cmsmasters_post_meta_info\"><a href=\"#\" onclick=\"cmsmasters_like(11660); return false;\" id=\"cmsmastersLike-11660\" class=\"cmsmastersLike cmsmasters_theme_icon_like\"><span>0<\/span><\/a><a class=\"cmsmasters_post_comments cmsmasters_theme_icon_comment\" href=\"https:\/\/www.obrallar.com\/es\/recta-final-para-remodelacion-mercado-sant-antoni-barcelona\/#respond\" title=\"Comment on RECTA FINAL PARA LA REMODELACI\u00d3N DEL MERCADO DE SANT ANTONI DE BARCELONA\"><span>0<\/span><\/a><\/div><span class=\"cmsmasters_post_date\"><abbr class=\"published\" title=\"28\/02\/2018\">28\/02\/2018<\/abbr><abbr class=\"dn date updated\" title=\"28\/02\/2018\">28\/02\/2018<\/abbr><\/span><\/div><div class=\"cmsmasters_post_content entry-content\">\n<p>El mercado de Sant Antoni es un proyecto del arquitecto Antoni Rovira y Trias, construido en 1882 con una arquitectura del hierro. Es uno de los m\u00e1s \u00abemblem\u00e1ticos\u00bb de Barcelona, puesto que fue la primera plaza que se proyect\u00f3 fuera...<\/p>\n<\/div>\n<footer class=\"cmsmasters_post_footer entry-meta\"><a class=\"cmsmasters_link_line\" href=\"https:\/\/www.obrallar.com\/es\/recta-final-para-remodelacion-mercado-sant-antoni-barcelona\/\">Read More<\/a><\/footer>\t<\/div>\n<\/article>\n<!-- Finish Standard Article -->\n\n\n<!-- Start Standard Article -->\n\n<article id=\"post-11641\" class=\"cmsmasters_post_masonry post-11641 post type-post status-publish format-standard has-post-thumbnail hentry category-sin-categorizar\" data-category=\"sin-categorizar\">\n\t<div class=\"cmsmasters_post_cont\">\n\t<figure class=\"cmsmasters_img_wrap\"><a href=\"https:\/\/www.obrallar.com\/es\/tu-tienes-llave-bolsa-vivienda-barcelona\/\" title=\"T\u00da TIENES LA LLAVE (BOLSA DE LA VIVIENDA DE BARCELONA)\" class=\"cmsmasters_img_link preloader\"><img loading=\"lazy\" decoding=\"async\" width=\"450\" height=\"245\" src=\"https:\/\/www.obrallar.com\/wp-content\/uploads\/2018\/02\/Borsa-de-lhabitatge-de-barcelona_obrallar_manresa.png\" class=\"full-width wp-post-image\" alt=\"T\u00da TIENES LA LLAVE (BOLSA DE LA VIVIENDA DE BARCELONA)\" title=\"T\u00da TIENES LA LLAVE (BOLSA DE LA VIVIENDA DE BARCELONA)\" srcset=\"https:\/\/www.obrallar.com\/wp-content\/uploads\/2018\/02\/Borsa-de-lhabitatge-de-barcelona_obrallar_manresa.png 450w, https:\/\/www.obrallar.com\/wp-content\/uploads\/2018\/02\/Borsa-de-lhabitatge-de-barcelona_obrallar_manresa-300x163.png 300w\" sizes=\"auto, (max-width: 450px) 100vw, 450px\" \/><\/a><\/figure><div class=\"cmsmasters_post_cont_info entry-meta\"><span class=\"cmsmasters_post_user_name\">By <a href=\"https:\/\/www.obrallar.com\/es\/author\/admin-istrador\/\" title=\"Posts by admin-istrador\" class=\"vcard author\"><span class=\"fn\">admin-istrador<\/span><\/a><\/span><span class=\"cmsmasters_post_category\">In <a href=\"https:\/\/www.obrallar.com\/es\/category\/sin-categorizar\/\" class=\"cmsmasters_cat_color cmsmasters_cat_35\" rel=\"category tag\">Sin categorizar<\/a><\/span><\/div><header class=\"cmsmasters_post_header entry-header\"><h4 class=\"cmsmasters_post_title entry-title\"><a href=\"https:\/\/www.obrallar.com\/es\/tu-tienes-llave-bolsa-vivienda-barcelona\/\">T\u00da TIENES LA LLAVE (BOLSA DE LA VIVIENDA DE BARCELONA)<\/a><\/h4><\/header><div class=\"cmsmasters_post_body_info\"><div class=\"cmsmasters_post_meta_info\"><a href=\"#\" onclick=\"cmsmasters_like(11641); return false;\" id=\"cmsmastersLike-11641\" class=\"cmsmastersLike cmsmasters_theme_icon_like\"><span>0<\/span><\/a><a class=\"cmsmasters_post_comments cmsmasters_theme_icon_comment\" href=\"https:\/\/www.obrallar.com\/es\/tu-tienes-llave-bolsa-vivienda-barcelona\/#respond\" title=\"Comment on T\u00da TIENES LA LLAVE (BOLSA DE LA VIVIENDA DE BARCELONA)\"><span>0<\/span><\/a><\/div><span class=\"cmsmasters_post_date\"><abbr class=\"published\" title=\"16\/02\/2018\">16\/02\/2018<\/abbr><abbr class=\"dn date updated\" title=\"16\/02\/2018\">16\/02\/2018<\/abbr><\/span><\/div><div class=\"cmsmasters_post_content entry-content\">\n<p>Tienes un piso vac\u00edo, t\u00fa tienes la llave. Bajo este t\u00edtulo, el Ayuntamiento de Barcelona tiene en marcha una campa\u00f1a con el objetivo de informar a los propietarios de viviendas sobre las ventajas que supone inscribir su piso en la...<\/p>\n<\/div>\n<footer class=\"cmsmasters_post_footer entry-meta\"><a class=\"cmsmasters_link_line\" href=\"https:\/\/www.obrallar.com\/es\/tu-tienes-llave-bolsa-vivienda-barcelona\/\">Read More<\/a><\/footer>\t<\/div>\n<\/article>\n<!-- Finish Standard Article -->\n\n\n<!-- Start Standard Article -->\n\n<article id=\"post-11625\" class=\"cmsmasters_post_masonry post-11625 post type-post status-publish format-standard has-post-thumbnail hentry category-sin-categorizar\" data-category=\"sin-categorizar\">\n\t<div class=\"cmsmasters_post_cont\">\n\t<figure class=\"cmsmasters_img_wrap\"><a href=\"https:\/\/www.obrallar.com\/es\/sistema-termico-aislamiento-por-exterior-sate\/\" title=\"SISTEMA T\u00c9RMICO DE AISLAMIENTO POR EL EXTERIOR (SATE)\" class=\"cmsmasters_img_link preloader\"><img loading=\"lazy\" decoding=\"async\" width=\"450\" height=\"245\" src=\"https:\/\/www.obrallar.com\/wp-content\/uploads\/2018\/02\/SATE.png\" class=\"full-width wp-post-image\" alt=\"SISTEMA T\u00c9RMICO DE AISLAMIENTO POR EL EXTERIOR (SATE)\" title=\"SISTEMA T\u00c9RMICO DE AISLAMIENTO POR EL EXTERIOR (SATE)\" srcset=\"https:\/\/www.obrallar.com\/wp-content\/uploads\/2018\/02\/SATE.png 450w, https:\/\/www.obrallar.com\/wp-content\/uploads\/2018\/02\/SATE-300x163.png 300w\" sizes=\"auto, (max-width: 450px) 100vw, 450px\" \/><\/a><\/figure><div class=\"cmsmasters_post_cont_info entry-meta\"><span class=\"cmsmasters_post_user_name\">By <a href=\"https:\/\/www.obrallar.com\/es\/author\/admin-istrador\/\" title=\"Posts by admin-istrador\" class=\"vcard author\"><span class=\"fn\">admin-istrador<\/span><\/a><\/span><span class=\"cmsmasters_post_category\">In <a href=\"https:\/\/www.obrallar.com\/es\/category\/sin-categorizar\/\" class=\"cmsmasters_cat_color cmsmasters_cat_35\" rel=\"category tag\">Sin categorizar<\/a><\/span><\/div><header class=\"cmsmasters_post_header entry-header\"><h4 class=\"cmsmasters_post_title entry-title\"><a href=\"https:\/\/www.obrallar.com\/es\/sistema-termico-aislamiento-por-exterior-sate\/\">SISTEMA T\u00c9RMICO DE AISLAMIENTO POR EL EXTERIOR (SATE)<\/a><\/h4><\/header><div class=\"cmsmasters_post_body_info\"><div class=\"cmsmasters_post_meta_info\"><a href=\"#\" onclick=\"cmsmasters_like(11625); return false;\" id=\"cmsmastersLike-11625\" class=\"cmsmastersLike cmsmasters_theme_icon_like\"><span>0<\/span><\/a><a class=\"cmsmasters_post_comments cmsmasters_theme_icon_comment\" href=\"https:\/\/www.obrallar.com\/es\/sistema-termico-aislamiento-por-exterior-sate\/#respond\" title=\"Comment on SISTEMA T\u00c9RMICO DE AISLAMIENTO POR EL EXTERIOR (SATE)\"><span>0<\/span><\/a><\/div><span class=\"cmsmasters_post_date\"><abbr class=\"published\" title=\"13\/02\/2018\">13\/02\/2018<\/abbr><abbr class=\"dn date updated\" title=\"13\/02\/2018\">13\/02\/2018<\/abbr><\/span><\/div><div class=\"cmsmasters_post_content entry-content\">\n<p>\u00bfQu\u00e9 es el SATE? SATE es un sistema de aislamiento por el exterior de la fachada y se utiliza para el aislamiento t\u00e9rmico de edificios, tanto de obra nueva como en rehabilitaciones de edificios. Ventajas del sistema SATE Eliminaci\u00f3n de...<\/p>\n<\/div>\n<footer class=\"cmsmasters_post_footer entry-meta\"><a class=\"cmsmasters_link_line\" href=\"https:\/\/www.obrallar.com\/es\/sistema-termico-aislamiento-por-exterior-sate\/\">Read more<\/a><\/footer>\t<\/div>\n<\/article>\n<!-- Finish Standard Article -->\n\n\n<!-- Start Standard Article -->\n\n<article id=\"post-11520\" class=\"cmsmasters_post_masonry post-11520 post type-post status-publish format-standard has-post-thumbnail hentry category-sin-categorizar\" data-category=\"sin-categorizar\">\n\t<div class=\"cmsmasters_post_cont\">\n\t<figure class=\"cmsmasters_img_wrap\"><a href=\"https:\/\/www.obrallar.com\/es\/microcimento\/\" title=\"MICROCEMENTO\" class=\"cmsmasters_img_link preloader\"><img loading=\"lazy\" decoding=\"async\" width=\"580\" height=\"400\" src=\"https:\/\/www.obrallar.com\/wp-content\/uploads\/2017\/12\/aaaaaaaaaaaa-868136-88544-580x400.jpg\" class=\"full-width wp-post-image\" alt=\"MICROCEMENTO\" title=\"MICROCEMENTO\" \/><\/a><\/figure><div class=\"cmsmasters_post_cont_info entry-meta\"><span class=\"cmsmasters_post_user_name\">By <a href=\"https:\/\/www.obrallar.com\/es\/author\/admin-istrador\/\" title=\"Posts by admin-istrador\" class=\"vcard author\"><span class=\"fn\">admin-istrador<\/span><\/a><\/span><span class=\"cmsmasters_post_category\">In <a href=\"https:\/\/www.obrallar.com\/es\/category\/sin-categorizar\/\" class=\"cmsmasters_cat_color cmsmasters_cat_35\" rel=\"category tag\">Sin categorizar<\/a><\/span><\/div><header class=\"cmsmasters_post_header entry-header\"><h4 class=\"cmsmasters_post_title entry-title\"><a href=\"https:\/\/www.obrallar.com\/es\/microcimento\/\">MICROCEMENTO<\/a><\/h4><\/header><div class=\"cmsmasters_post_body_info\"><div class=\"cmsmasters_post_meta_info\"><a href=\"#\" onclick=\"cmsmasters_like(11520); return false;\" id=\"cmsmastersLike-11520\" class=\"cmsmastersLike cmsmasters_theme_icon_like\"><span>0<\/span><\/a><a class=\"cmsmasters_post_comments cmsmasters_theme_icon_comment\" href=\"https:\/\/www.obrallar.com\/es\/microcimento\/#respond\" title=\"Comment on MICROCEMENTO\"><span>0<\/span><\/a><\/div><span class=\"cmsmasters_post_date\"><abbr class=\"published\" title=\"13\/12\/2017\">13\/12\/2017<\/abbr><abbr class=\"dn date updated\" title=\"13\/02\/2018\">13\/02\/2018<\/abbr><\/span><\/div><div class=\"cmsmasters_post_content entry-content\">\n<p>El Microcemento es un revestimiento cement\u00edcio de 1 a 2 mm de espesor. Permite, en muy poco tiempo, renovar superficies existentes como pavimentos, paredes, escaleras y muebles, entre otros. Esta alternativa moderna, funcional y de buen gusto es de f\u00e1cil...<\/p>\n<\/div>\n<footer class=\"cmsmasters_post_footer entry-meta\"><a class=\"cmsmasters_link_line\" href=\"https:\/\/www.obrallar.com\/es\/microcimento\/\">Read More<\/a><\/footer>\t<\/div>\n<\/article>\n<!-- Finish Standard Article -->\n\n\n<!-- Start Standard Article -->\n\n<article id=\"post-11511\" class=\"cmsmasters_post_masonry post-11511 post type-post status-publish format-standard has-post-thumbnail hentry category-sin-categorizar\" data-category=\"sin-categorizar\">\n\t<div class=\"cmsmasters_post_cont\">\n\t<figure class=\"cmsmasters_img_wrap\"><a href=\"https:\/\/www.obrallar.com\/es\/tuberias-de-plomo\/\" title=\"TUBERIAS DE PLOMO\" class=\"cmsmasters_img_link preloader\"><img loading=\"lazy\" decoding=\"async\" width=\"450\" height=\"245\" src=\"https:\/\/www.obrallar.com\/wp-content\/uploads\/2017\/11\/canonada.plom_.png\" class=\"full-width wp-post-image\" alt=\"TUBERIAS DE PLOMO\" title=\"TUBERIAS DE PLOMO\" srcset=\"https:\/\/www.obrallar.com\/wp-content\/uploads\/2017\/11\/canonada.plom_.png 450w, https:\/\/www.obrallar.com\/wp-content\/uploads\/2017\/11\/canonada.plom_-300x163.png 300w\" sizes=\"auto, (max-width: 450px) 100vw, 450px\" \/><\/a><\/figure><div class=\"cmsmasters_post_cont_info entry-meta\"><span class=\"cmsmasters_post_user_name\">By <a href=\"https:\/\/www.obrallar.com\/es\/author\/admin-istrador\/\" title=\"Posts by admin-istrador\" class=\"vcard author\"><span class=\"fn\">admin-istrador<\/span><\/a><\/span><span class=\"cmsmasters_post_category\">In <a href=\"https:\/\/www.obrallar.com\/es\/category\/sin-categorizar\/\" class=\"cmsmasters_cat_color cmsmasters_cat_35\" rel=\"category tag\">Sin categorizar<\/a><\/span><\/div><header class=\"cmsmasters_post_header entry-header\"><h4 class=\"cmsmasters_post_title entry-title\"><a href=\"https:\/\/www.obrallar.com\/es\/tuberias-de-plomo\/\">TUBERIAS DE PLOMO<\/a><\/h4><\/header><div class=\"cmsmasters_post_body_info\"><div class=\"cmsmasters_post_meta_info\"><a href=\"#\" onclick=\"cmsmasters_like(11511); return false;\" id=\"cmsmastersLike-11511\" class=\"cmsmastersLike cmsmasters_theme_icon_like\"><span>0<\/span><\/a><a class=\"cmsmasters_post_comments cmsmasters_theme_icon_comment\" href=\"https:\/\/www.obrallar.com\/es\/tuberias-de-plomo\/#respond\" title=\"Comment on TUBERIAS DE PLOMO\"><span>0<\/span><\/a><\/div><span class=\"cmsmasters_post_date\"><abbr class=\"published\" title=\"13\/12\/2017\">13\/12\/2017<\/abbr><abbr class=\"dn date updated\" title=\"13\/02\/2018\">13\/02\/2018<\/abbr><\/span><\/div><div class=\"cmsmasters_post_content entry-content\">\n<p>TUBER\u00cdAS DE PLOMO \u00bfQu\u00e9 son? El plomo es un metal que, en el pasado, se utiliz\u00f3 como material de fontaner\u00eda, en tejados y construcci\u00f3n de ventanas hasta que en los a\u00f1os 80 se fueron sustituyendo por tuber\u00edas de hierro o...<\/p>\n<\/div>\n<footer class=\"cmsmasters_post_footer entry-meta\"><a class=\"cmsmasters_link_line\" href=\"https:\/\/www.obrallar.com\/es\/tuberias-de-plomo\/\">Read More<\/a><\/footer>\t<\/div>\n<\/article>\n<!-- Finish Standard Article -->\n\n\n<!-- Start Standard Article -->\n\n<article id=\"post-11338\" class=\"cmsmasters_post_masonry post-11338 post type-post status-publish format-standard has-post-thumbnail hentry category-sin-categorizar\" data-category=\"sin-categorizar\">\n\t<div class=\"cmsmasters_post_cont\">\n\t<figure class=\"cmsmasters_img_wrap\"><a href=\"https:\/\/www.obrallar.com\/es\/transformamos-conservamos-patrimonio-arquitectonico-catalunya\/\" title=\"Transformar y conservar el patrimonio arquitect\u00f3nico de catalu\u00f1a\" class=\"cmsmasters_img_link preloader\"><img loading=\"lazy\" decoding=\"async\" width=\"580\" height=\"400\" src=\"https:\/\/www.obrallar.com\/wp-content\/uploads\/2017\/06\/masia_reforma3-580x400.png\" class=\"full-width wp-post-image\" alt=\"Transformar y conservar el patrimonio arquitect\u00f3nico de catalu\u00f1a\" title=\"Transformar y conservar el patrimonio arquitect\u00f3nico de catalu\u00f1a\" \/><\/a><\/figure><div class=\"cmsmasters_post_cont_info entry-meta\"><span class=\"cmsmasters_post_user_name\">By <a href=\"https:\/\/www.obrallar.com\/es\/author\/admin-istrador\/\" title=\"Posts by admin-istrador\" class=\"vcard author\"><span class=\"fn\">admin-istrador<\/span><\/a><\/span><span class=\"cmsmasters_post_category\">In <a href=\"https:\/\/www.obrallar.com\/es\/category\/sin-categorizar\/\" class=\"cmsmasters_cat_color cmsmasters_cat_35\" rel=\"category tag\">Sin categorizar<\/a><\/span><\/div><header class=\"cmsmasters_post_header entry-header\"><h4 class=\"cmsmasters_post_title entry-title\"><a href=\"https:\/\/www.obrallar.com\/es\/transformamos-conservamos-patrimonio-arquitectonico-catalunya\/\">Transformar y conservar el patrimonio arquitect\u00f3nico de catalu\u00f1a<\/a><\/h4><\/header><div class=\"cmsmasters_post_body_info\"><div class=\"cmsmasters_post_meta_info\"><a href=\"#\" onclick=\"cmsmasters_like(11338); return false;\" id=\"cmsmastersLike-11338\" class=\"cmsmastersLike cmsmasters_theme_icon_like\"><span>1<\/span><\/a><a class=\"cmsmasters_post_comments cmsmasters_theme_icon_comment\" href=\"https:\/\/www.obrallar.com\/es\/transformamos-conservamos-patrimonio-arquitectonico-catalunya\/#respond\" title=\"Comment on Transformar y conservar el patrimonio arquitect\u00f3nico de catalu\u00f1a\"><span>0<\/span><\/a><\/div><span class=\"cmsmasters_post_date\"><abbr class=\"published\" title=\"26\/06\/2017\">26\/06\/2017<\/abbr><abbr class=\"dn date updated\" title=\"13\/02\/2018\">13\/02\/2018<\/abbr><\/span><\/div><div class=\"cmsmasters_post_content entry-content\">\n<p>Nuestro departamento t\u00e9cnico est\u00e1 proyectando la rehabilitaci\u00f3n de una mas\u00eda aislada anterior al siglo XVI,  incluida en el Inventario del Patrimonio Arquitect\u00f3nico de Catalu\u00f1a.<\/p>\n<\/div>\n<footer class=\"cmsmasters_post_footer entry-meta\"><a class=\"cmsmasters_link_line\" href=\"https:\/\/www.obrallar.com\/es\/transformamos-conservamos-patrimonio-arquitectonico-catalunya\/\">Read More<\/a><\/footer>\t<\/div>\n<\/article>\n<!-- Finish Standard Article -->\n\n\n<!-- Start Standard Article -->\n\n<article id=\"post-11342\" class=\"cmsmasters_post_masonry post-11342 post type-post status-publish format-standard has-post-thumbnail hentry category-sin-categorizar\" data-category=\"sin-categorizar\">\n\t<div class=\"cmsmasters_post_cont\">\n\t<figure class=\"cmsmasters_img_wrap\"><a href=\"https:\/\/www.obrallar.com\/es\/25-anos-casa-decor\/\" title=\"25 a\u00f1os de CASA DECOR\" class=\"cmsmasters_img_link preloader\"><img loading=\"lazy\" decoding=\"async\" width=\"451\" height=\"246\" src=\"https:\/\/www.obrallar.com\/wp-content\/uploads\/2017\/06\/casadecor.png\" class=\"full-width wp-post-image\" alt=\"25 a\u00f1os de CASA DECOR\" title=\"25 a\u00f1os de CASA DECOR\" srcset=\"https:\/\/www.obrallar.com\/wp-content\/uploads\/2017\/06\/casadecor.png 451w, https:\/\/www.obrallar.com\/wp-content\/uploads\/2017\/06\/casadecor-300x164.png 300w\" sizes=\"auto, (max-width: 451px) 100vw, 451px\" \/><\/a><\/figure><div class=\"cmsmasters_post_cont_info entry-meta\"><span class=\"cmsmasters_post_user_name\">By <a href=\"https:\/\/www.obrallar.com\/es\/author\/admin-istrador\/\" title=\"Posts by admin-istrador\" class=\"vcard author\"><span class=\"fn\">admin-istrador<\/span><\/a><\/span><span class=\"cmsmasters_post_category\">In <a href=\"https:\/\/www.obrallar.com\/es\/category\/sin-categorizar\/\" class=\"cmsmasters_cat_color cmsmasters_cat_35\" rel=\"category tag\">Sin categorizar<\/a><\/span><\/div><header class=\"cmsmasters_post_header entry-header\"><h4 class=\"cmsmasters_post_title entry-title\"><a href=\"https:\/\/www.obrallar.com\/es\/25-anos-casa-decor\/\">25 a\u00f1os de CASA DECOR<\/a><\/h4><\/header><div class=\"cmsmasters_post_body_info\"><div class=\"cmsmasters_post_meta_info\"><a href=\"#\" onclick=\"cmsmasters_like(11342); return false;\" id=\"cmsmastersLike-11342\" class=\"cmsmastersLike cmsmasters_theme_icon_like\"><span>1<\/span><\/a><a class=\"cmsmasters_post_comments cmsmasters_theme_icon_comment\" href=\"https:\/\/www.obrallar.com\/es\/25-anos-casa-decor\/#respond\" title=\"Comment on 25 a\u00f1os de CASA DECOR\"><span>0<\/span><\/a><\/div><span class=\"cmsmasters_post_date\"><abbr class=\"published\" title=\"26\/06\/2017\">26\/06\/2017<\/abbr><abbr class=\"dn date updated\" title=\"22\/11\/2017\">22\/11\/2017<\/abbr><\/span><\/div><div class=\"cmsmasters_post_content entry-content\">\n<p>Este a\u00f1o, CASA DECOR, ha celebrado sus 25 a\u00f1os, con 52 ediciones. Desde el a\u00f1o 1992, esta exclusiva exposici\u00f3n de interiorismo es un referente dentro del sector.<\/p>\n<\/div>\n<footer class=\"cmsmasters_post_footer entry-meta\"><a class=\"cmsmasters_link_line\" href=\"https:\/\/www.obrallar.com\/es\/25-anos-casa-decor\/\">Read More<\/a><\/footer>\t<\/div>\n<\/article>\n<!-- Finish Standard Article -->\n\n\n<!-- Start Standard Article -->\n\n<article id=\"post-11343\" class=\"cmsmasters_post_masonry post-11343 post type-post status-publish format-standard has-post-thumbnail hentry category-sin-categorizar\" data-category=\"sin-categorizar\">\n\t<div class=\"cmsmasters_post_cont\">\n\t<figure class=\"cmsmasters_img_wrap\"><a href=\"https:\/\/www.obrallar.com\/es\/problemas-reverberacion-espacios\/\" title=\"\u00bfProblemas de reverberaci\u00f3n en un espacio?\" class=\"cmsmasters_img_link preloader\"><img loading=\"lazy\" decoding=\"async\" width=\"451\" height=\"246\" src=\"https:\/\/www.obrallar.com\/wp-content\/uploads\/2017\/06\/reverberacio.png\" class=\"full-width wp-post-image\" alt=\"\u00bfProblemas de reverberaci\u00f3n en un espacio?\" title=\"\u00bfProblemas de reverberaci\u00f3n en un espacio?\" srcset=\"https:\/\/www.obrallar.com\/wp-content\/uploads\/2017\/06\/reverberacio.png 451w, https:\/\/www.obrallar.com\/wp-content\/uploads\/2017\/06\/reverberacio-300x164.png 300w\" sizes=\"auto, (max-width: 451px) 100vw, 451px\" \/><\/a><\/figure><div class=\"cmsmasters_post_cont_info entry-meta\"><span class=\"cmsmasters_post_user_name\">By <a href=\"https:\/\/www.obrallar.com\/es\/author\/admin-istrador\/\" title=\"Posts by admin-istrador\" class=\"vcard author\"><span class=\"fn\">admin-istrador<\/span><\/a><\/span><span class=\"cmsmasters_post_category\">In <a href=\"https:\/\/www.obrallar.com\/es\/category\/sin-categorizar\/\" class=\"cmsmasters_cat_color cmsmasters_cat_35\" rel=\"category tag\">Sin categorizar<\/a><\/span><\/div><header class=\"cmsmasters_post_header entry-header\"><h4 class=\"cmsmasters_post_title entry-title\"><a href=\"https:\/\/www.obrallar.com\/es\/problemas-reverberacion-espacios\/\">\u00bfProblemas de reverberaci\u00f3n en un espacio?<\/a><\/h4><\/header><div class=\"cmsmasters_post_body_info\"><div class=\"cmsmasters_post_meta_info\"><a href=\"#\" onclick=\"cmsmasters_like(11343); return false;\" id=\"cmsmastersLike-11343\" class=\"cmsmastersLike cmsmasters_theme_icon_like\"><span>1<\/span><\/a><a class=\"cmsmasters_post_comments cmsmasters_theme_icon_comment\" href=\"https:\/\/www.obrallar.com\/es\/problemas-reverberacion-espacios\/#respond\" title=\"Comment on \u00bfProblemas de reverberaci\u00f3n en un espacio?\"><span>0<\/span><\/a><\/div><span class=\"cmsmasters_post_date\"><abbr class=\"published\" title=\"26\/06\/2017\">26\/06\/2017<\/abbr><abbr class=\"dn date updated\" title=\"22\/11\/2017\">22\/11\/2017<\/abbr><\/span><\/div><div class=\"cmsmasters_post_content entry-content\">\n<p>Este mes de junio, Obrallar ha comenzado las obras de adecuaci\u00f3n de un nuevo local en el Edificio Impuls de Manresa.<br \/>\nEste nuevo espacio estar\u00e1 dividido en una sala grande y di\u00e1fana, una sala de juntas y una sala de reuniones, todo integrado con un car\u00e1cter totalmente personalizado.<\/p>\n<\/div>\n<footer class=\"cmsmasters_post_footer entry-meta\"><a class=\"cmsmasters_link_line\" href=\"https:\/\/www.obrallar.com\/es\/problemas-reverberacion-espacios\/\">Read More<\/a><\/footer>\t<\/div>\n<\/article>\n<!-- Finish Standard Article -->\n\n\n<!-- Start Standard Article -->\n\n<article id=\"post-11344\" class=\"cmsmasters_post_masonry post-11344 post type-post status-publish format-standard has-post-thumbnail hentry category-sin-categorizar\" data-category=\"sin-categorizar\">\n\t<div class=\"cmsmasters_post_cont\">\n\t<figure class=\"cmsmasters_img_wrap\"><a href=\"https:\/\/www.obrallar.com\/es\/simon-100-interruptor-mejorado\/\" title=\"Simon 100. El interruptor de toda la vida, mejorado.\" class=\"cmsmasters_img_link preloader\"><img loading=\"lazy\" decoding=\"async\" width=\"451\" height=\"246\" src=\"https:\/\/www.obrallar.com\/wp-content\/uploads\/2017\/06\/simon-endolls.png\" class=\"full-width wp-post-image\" alt=\"Simon 100. El interruptor de toda la vida, mejorado.\" title=\"Simon 100. El interruptor de toda la vida, mejorado.\" srcset=\"https:\/\/www.obrallar.com\/wp-content\/uploads\/2017\/06\/simon-endolls.png 451w, https:\/\/www.obrallar.com\/wp-content\/uploads\/2017\/06\/simon-endolls-300x164.png 300w\" sizes=\"auto, (max-width: 451px) 100vw, 451px\" \/><\/a><\/figure><div class=\"cmsmasters_post_cont_info entry-meta\"><span class=\"cmsmasters_post_user_name\">By <a href=\"https:\/\/www.obrallar.com\/es\/author\/admin-istrador\/\" title=\"Posts by admin-istrador\" class=\"vcard author\"><span class=\"fn\">admin-istrador<\/span><\/a><\/span><span class=\"cmsmasters_post_category\">In <a href=\"https:\/\/www.obrallar.com\/es\/category\/sin-categorizar\/\" class=\"cmsmasters_cat_color cmsmasters_cat_35\" rel=\"category tag\">Sin categorizar<\/a><\/span><\/div><header class=\"cmsmasters_post_header entry-header\"><h4 class=\"cmsmasters_post_title entry-title\"><a href=\"https:\/\/www.obrallar.com\/es\/simon-100-interruptor-mejorado\/\">Simon 100. El interruptor de toda la vida, mejorado.<\/a><\/h4><\/header><div class=\"cmsmasters_post_body_info\"><div class=\"cmsmasters_post_meta_info\"><a href=\"#\" onclick=\"cmsmasters_like(11344); return false;\" id=\"cmsmastersLike-11344\" class=\"cmsmastersLike cmsmasters_theme_icon_like\"><span>0<\/span><\/a><a class=\"cmsmasters_post_comments cmsmasters_theme_icon_comment\" href=\"https:\/\/www.obrallar.com\/es\/simon-100-interruptor-mejorado\/#respond\" title=\"Comment on Simon 100. El interruptor de toda la vida, mejorado.\"><span>0<\/span><\/a><\/div><span class=\"cmsmasters_post_date\"><abbr class=\"published\" title=\"26\/06\/2017\">26\/06\/2017<\/abbr><abbr class=\"dn date updated\" title=\"22\/11\/2017\">22\/11\/2017<\/abbr><\/span><\/div><div class=\"cmsmasters_post_content entry-content\">\n<p>Obrallar estuvo presente en el Sal\u00f3n Construmat, celebrado en Barcelona el pasado mes de mayo. Una de las innovaciones que m\u00e1s nos gust\u00f3 de la edici\u00f3n de este a\u00f1o fue la nueva serie de interruptores Simon 100. <\/p>\n<\/div>\n<footer class=\"cmsmasters_post_footer entry-meta\"><a class=\"cmsmasters_link_line\" href=\"https:\/\/www.obrallar.com\/es\/simon-100-interruptor-mejorado\/\">Read More<\/a><\/footer>\t<\/div>\n<\/article>\n<!-- Finish Standard Article -->\n\n<\/div><div class=\"cmsmasters_wrap_more_posts cmsmasters_wrap_more_items\"><\/div><\/div>\n<\/div>\n<\/div>\n<\/div>\n<\/div>\n<\/div>\n<\/div>\n\n","protected":false},"excerpt":{"rendered":"","protected":false},"author":1,"featured_media":0,"parent":0,"menu_order":0,"comment_status":"closed","ping_status":"closed","template":"","meta":{"footnotes":""},"class_list":["post-11329","page","type-page","status-publish","hentry"],"yoast_head":"<!-- This site is optimized with the Yoast SEO plugin v27.4 - https:\/\/yoast.com\/product\/yoast-seo-wordpress\/ -->\n<title>Blog interiorismo, construcci\u00f3n, reformas y rehabilitaciones - Obrallar<\/title>\n<meta name=\"description\" content=\"Actualidad del sector de la construcci\u00f3n, reformas, interiorismo y rehabilitaci\u00f3n de espacios, as\u00ed como los actos en los que Obrallar participa.\" \/>\n<meta name=\"robots\" content=\"index, follow, max-snippet:-1, max-image-preview:large, max-video-preview:-1\" \/>\n<link rel=\"canonical\" href=\"https:\/\/www.obrallar.com\/es\/blog\/\" \/>\n<meta property=\"og:locale\" content=\"es_ES\" \/>\n<meta property=\"og:type\" content=\"article\" \/>\n<meta property=\"og:title\" content=\"Blog interiorismo, construcci\u00f3n, reformas y rehabilitaciones - Obrallar\" \/>\n<meta property=\"og:description\" content=\"Actualidad del sector de la construcci\u00f3n, reformas, interiorismo y rehabilitaci\u00f3n de espacios, as\u00ed como los actos en los que Obrallar participa.\" \/>\n<meta property=\"og:url\" content=\"https:\/\/www.obrallar.com\/es\/blog\/\" \/>\n<meta property=\"og:site_name\" content=\"Obrallar\" \/>\n<meta property=\"article:modified_time\" content=\"2017-11-22T09:56:53+00:00\" \/>\n<meta name=\"twitter:card\" content=\"summary_large_image\" \/>\n<script type=\"application\/ld+json\" class=\"yoast-schema-graph\">{\"@context\":\"https:\\\/\\\/schema.org\",\"@graph\":[{\"@type\":\"WebPage\",\"@id\":\"https:\\\/\\\/www.obrallar.com\\\/es\\\/blog\\\/\",\"url\":\"https:\\\/\\\/www.obrallar.com\\\/es\\\/blog\\\/\",\"name\":\"Blog interiorismo, construcci\u00f3n, reformas y rehabilitaciones - Obrallar\",\"isPartOf\":{\"@id\":\"https:\\\/\\\/www.obrallar.com\\\/#website\"},\"datePublished\":\"2017-05-29T08:11:59+00:00\",\"dateModified\":\"2017-11-22T09:56:53+00:00\",\"description\":\"Actualidad del sector de la construcci\u00f3n, reformas, interiorismo y rehabilitaci\u00f3n de espacios, as\u00ed como los actos en los que Obrallar participa.\",\"breadcrumb\":{\"@id\":\"https:\\\/\\\/www.obrallar.com\\\/es\\\/blog\\\/#breadcrumb\"},\"inLanguage\":\"es\",\"potentialAction\":[{\"@type\":\"ReadAction\",\"target\":[\"https:\\\/\\\/www.obrallar.com\\\/es\\\/blog\\\/\"]}]},{\"@type\":\"BreadcrumbList\",\"@id\":\"https:\\\/\\\/www.obrallar.com\\\/es\\\/blog\\\/#breadcrumb\",\"itemListElement\":[{\"@type\":\"ListItem\",\"position\":1,\"name\":\"Inici\",\"item\":\"https:\\\/\\\/www.obrallar.com\\\/es\\\/\"},{\"@type\":\"ListItem\",\"position\":2,\"name\":\"Blog\"}]},{\"@type\":\"WebSite\",\"@id\":\"https:\\\/\\\/www.obrallar.com\\\/#website\",\"url\":\"https:\\\/\\\/www.obrallar.com\\\/\",\"name\":\"Obrallar\",\"description\":\"Serveis de reforma\",\"potentialAction\":[{\"@type\":\"SearchAction\",\"target\":{\"@type\":\"EntryPoint\",\"urlTemplate\":\"https:\\\/\\\/www.obrallar.com\\\/?s={search_term_string}\"},\"query-input\":{\"@type\":\"PropertyValueSpecification\",\"valueRequired\":true,\"valueName\":\"search_term_string\"}}],\"inLanguage\":\"es\"}]}<\/script>\n<!-- \/ Yoast SEO plugin. -->","yoast_head_json":{"title":"Blog interiorismo, construcci\u00f3n, reformas y rehabilitaciones - Obrallar","description":"Actualidad del sector de la construcci\u00f3n, reformas, interiorismo y rehabilitaci\u00f3n de espacios, as\u00ed como los actos en los que Obrallar participa.","robots":{"index":"index","follow":"follow","max-snippet":"max-snippet:-1","max-image-preview":"max-image-preview:large","max-video-preview":"max-video-preview:-1"},"canonical":"https:\/\/www.obrallar.com\/es\/blog\/","og_locale":"es_ES","og_type":"article","og_title":"Blog interiorismo, construcci\u00f3n, reformas y rehabilitaciones - Obrallar","og_description":"Actualidad del sector de la construcci\u00f3n, reformas, interiorismo y rehabilitaci\u00f3n de espacios, as\u00ed como los actos en los que Obrallar participa.","og_url":"https:\/\/www.obrallar.com\/es\/blog\/","og_site_name":"Obrallar","article_modified_time":"2017-11-22T09:56:53+00:00","twitter_card":"summary_large_image","schema":{"@context":"https:\/\/schema.org","@graph":[{"@type":"WebPage","@id":"https:\/\/www.obrallar.com\/es\/blog\/","url":"https:\/\/www.obrallar.com\/es\/blog\/","name":"Blog interiorismo, construcci\u00f3n, reformas y rehabilitaciones - Obrallar","isPartOf":{"@id":"https:\/\/www.obrallar.com\/#website"},"datePublished":"2017-05-29T08:11:59+00:00","dateModified":"2017-11-22T09:56:53+00:00","description":"Actualidad del sector de la construcci\u00f3n, reformas, interiorismo y rehabilitaci\u00f3n de espacios, as\u00ed como los actos en los que Obrallar participa.","breadcrumb":{"@id":"https:\/\/www.obrallar.com\/es\/blog\/#breadcrumb"},"inLanguage":"es","potentialAction":[{"@type":"ReadAction","target":["https:\/\/www.obrallar.com\/es\/blog\/"]}]},{"@type":"BreadcrumbList","@id":"https:\/\/www.obrallar.com\/es\/blog\/#breadcrumb","itemListElement":[{"@type":"ListItem","position":1,"name":"Inici","item":"https:\/\/www.obrallar.com\/es\/"},{"@type":"ListItem","position":2,"name":"Blog"}]},{"@type":"WebSite","@id":"https:\/\/www.obrallar.com\/#website","url":"https:\/\/www.obrallar.com\/","name":"Obrallar","description":"Serveis de reforma","potentialAction":[{"@type":"SearchAction","target":{"@type":"EntryPoint","urlTemplate":"https:\/\/www.obrallar.com\/?s={search_term_string}"},"query-input":{"@type":"PropertyValueSpecification","valueRequired":true,"valueName":"search_term_string"}}],"inLanguage":"es"}]}},"_links":{"self":[{"href":"https:\/\/www.obrallar.com\/es\/wp-json\/wp\/v2\/pages\/11329","targetHints":{"allow":["GET"]}}],"collection":[{"href":"https:\/\/www.obrallar.com\/es\/wp-json\/wp\/v2\/pages"}],"about":[{"href":"https:\/\/www.obrallar.com\/es\/wp-json\/wp\/v2\/types\/page"}],"author":[{"embeddable":true,"href":"https:\/\/www.obrallar.com\/es\/wp-json\/wp\/v2\/users\/1"}],"replies":[{"embeddable":true,"href":"https:\/\/www.obrallar.com\/es\/wp-json\/wp\/v2\/comments?post=11329"}],"version-history":[{"count":1,"href":"https:\/\/www.obrallar.com\/es\/wp-json\/wp\/v2\/pages\/11329\/revisions"}],"predecessor-version":[{"id":11330,"href":"https:\/\/www.obrallar.com\/es\/wp-json\/wp\/v2\/pages\/11329\/revisions\/11330"}],"wp:attachment":[{"href":"https:\/\/www.obrallar.com\/es\/wp-json\/wp\/v2\/media?parent=11329"}],"curies":[{"name":"wp","href":"https:\/\/api.w.org\/{rel}","templated":true}]}}