{"id":11363,"date":"2017-06-01T17:20:31","date_gmt":"2017-06-01T16:20:31","guid":{"rendered":"http:\/\/www.obrallar.com\/projecte\/bages-centre\/"},"modified":"2017-11-22T14:43:03","modified_gmt":"2017-11-22T12:43:03","slug":"bages-centre","status":"publish","type":"project","link":"https:\/\/www.obrallar.com\/es\/projecte\/bages-centre\/","title":{"rendered":"Bages Centro"},"content":{"rendered":"<style type=\"text\/css\"> \n#cmsmasters_row_69f21b0e2ded45_59426585 .cmsmasters_row_outer_parent { \n\tpadding-top: 0px; \n} \n\n#cmsmasters_row_69f21b0e2ded45_59426585 .cmsmasters_row_outer_parent { \n\tpadding-bottom: 50px; \n} \n\n<\/style><div id=\"cmsmasters_row_69f21b0e2ded45_59426585\" class=\"cmsmasters_row cmsmasters_color_scheme_default cmsmasters_row_top_default cmsmasters_row_bot_default cmsmasters_row_boxed\">\n<div class=\"cmsmasters_row_outer_parent\">\n<div class=\"cmsmasters_row_outer\">\n<div class=\"cmsmasters_row_inner\">\n<div class=\"cmsmasters_row_margin\">\n<div class=\"cmsmasters_column one_first\">\n<div class=\"cmsmasters_text\">\n<p>En esta obra se quer\u00eda dar un aire m\u00e1s moderno y hacer una nueva redistribuci\u00f3n del espacio.<br \/>\nEl arquitecto, Marta Batlle, realiz\u00f3 el dise\u00f1o separado en dos espacios diferentes.<br \/>\nSe quiso innovar con nuevos usos en los materiales y en este caso la casa Porcelanosa realiz\u00f3 el sobre de la barra con Krion\u00a0 \u00a0<a href=\"http:\/\/www.porcelanosa.com\/compacto-mineral-krion.php\">http:\/\/www.porcelanosa.com\/compacto-mineral-krion.php<\/a><\/p>\n<\/div>\n<\/div>\n<\/div>\n<\/div>\n<\/div>\n<\/div>\n<\/div>\n\n","protected":false},"excerpt":{"rendered":"<p>En esta obra se quer\u00eda dar un aire m\u00e1s moderno y hacer una nueva redistribuci\u00f3n del espacio.<\/p>\n","protected":false},"author":1,"featured_media":0,"menu_order":0,"comment_status":"closed","ping_status":"closed","template":"","format":"standard","meta":{"footnotes":""},"pj-categs":[39],"pj-tags":[],"class_list":["post-11363","project","type-project","status-publish","format-standard","hentry","pj-categs-mantenimento-reformas-empresas"],"yoast_head":"<!-- This site is optimized with the Yoast SEO plugin v27.4 - https:\/\/yoast.com\/product\/yoast-seo-wordpress\/ -->\n<title>Reforma general del Bages Centre de Manresa - Obrallar<\/title>\n<meta name=\"description\" content=\"Obra para aportar modernidad y hacer una nueva redistribuci\u00f3n del espacio. La arquitecto, Marta Batll\u00e9, realiz\u00f3 el dise\u00f1o.\" \/>\n<meta name=\"robots\" content=\"index, follow, max-snippet:-1, max-image-preview:large, max-video-preview:-1\" \/>\n<link rel=\"canonical\" href=\"https:\/\/www.obrallar.com\/es\/projecte\/bages-centre\/\" \/>\n<meta property=\"og:locale\" content=\"es_ES\" \/>\n<meta property=\"og:type\" content=\"article\" \/>\n<meta property=\"og:title\" content=\"Reforma general del Bages Centre de Manresa - Obrallar\" \/>\n<meta property=\"og:description\" content=\"Obra para aportar modernidad y hacer una nueva redistribuci\u00f3n del espacio. La arquitecto, Marta Batll\u00e9, realiz\u00f3 el dise\u00f1o.\" \/>\n<meta property=\"og:url\" content=\"https:\/\/www.obrallar.com\/es\/projecte\/bages-centre\/\" \/>\n<meta property=\"og:site_name\" content=\"Obrallar\" \/>\n<meta property=\"article:modified_time\" content=\"2017-11-22T12:43:03+00:00\" \/>\n<meta name=\"twitter:card\" content=\"summary_large_image\" \/>\n<meta name=\"twitter:label1\" content=\"Tiempo de lectura\" \/>\n\t<meta name=\"twitter:data1\" content=\"1 minuto\" \/>\n<script type=\"application\/ld+json\" class=\"yoast-schema-graph\">{\"@context\":\"https:\\\/\\\/schema.org\",\"@graph\":[{\"@type\":\"WebPage\",\"@id\":\"https:\\\/\\\/www.obrallar.com\\\/es\\\/projecte\\\/bages-centre\\\/\",\"url\":\"https:\\\/\\\/www.obrallar.com\\\/es\\\/projecte\\\/bages-centre\\\/\",\"name\":\"Reforma general del Bages Centre de Manresa - Obrallar\",\"isPartOf\":{\"@id\":\"https:\\\/\\\/www.obrallar.com\\\/#website\"},\"datePublished\":\"2017-06-01T16:20:31+00:00\",\"dateModified\":\"2017-11-22T12:43:03+00:00\",\"description\":\"Obra para aportar modernidad y hacer una nueva redistribuci\u00f3n del espacio. La arquitecto, Marta Batll\u00e9, realiz\u00f3 el dise\u00f1o.\",\"breadcrumb\":{\"@id\":\"https:\\\/\\\/www.obrallar.com\\\/es\\\/projecte\\\/bages-centre\\\/#breadcrumb\"},\"inLanguage\":\"es\",\"potentialAction\":[{\"@type\":\"ReadAction\",\"target\":[\"https:\\\/\\\/www.obrallar.com\\\/es\\\/projecte\\\/bages-centre\\\/\"]}]},{\"@type\":\"BreadcrumbList\",\"@id\":\"https:\\\/\\\/www.obrallar.com\\\/es\\\/projecte\\\/bages-centre\\\/#breadcrumb\",\"itemListElement\":[{\"@type\":\"ListItem\",\"position\":1,\"name\":\"Inici\",\"item\":\"https:\\\/\\\/www.obrallar.com\\\/es\\\/\"},{\"@type\":\"ListItem\",\"position\":2,\"name\":\"Projects\",\"item\":\"https:\\\/\\\/www.obrallar.com\\\/projecte\\\/\"},{\"@type\":\"ListItem\",\"position\":3,\"name\":\"Bages Centro\"}]},{\"@type\":\"WebSite\",\"@id\":\"https:\\\/\\\/www.obrallar.com\\\/#website\",\"url\":\"https:\\\/\\\/www.obrallar.com\\\/\",\"name\":\"Obrallar\",\"description\":\"Serveis de reforma\",\"potentialAction\":[{\"@type\":\"SearchAction\",\"target\":{\"@type\":\"EntryPoint\",\"urlTemplate\":\"https:\\\/\\\/www.obrallar.com\\\/?s={search_term_string}\"},\"query-input\":{\"@type\":\"PropertyValueSpecification\",\"valueRequired\":true,\"valueName\":\"search_term_string\"}}],\"inLanguage\":\"es\"}]}<\/script>\n<!-- \/ Yoast SEO plugin. -->","yoast_head_json":{"title":"Reforma general del Bages Centre de Manresa - Obrallar","description":"Obra para aportar modernidad y hacer una nueva redistribuci\u00f3n del espacio. La arquitecto, Marta Batll\u00e9, realiz\u00f3 el dise\u00f1o.","robots":{"index":"index","follow":"follow","max-snippet":"max-snippet:-1","max-image-preview":"max-image-preview:large","max-video-preview":"max-video-preview:-1"},"canonical":"https:\/\/www.obrallar.com\/es\/projecte\/bages-centre\/","og_locale":"es_ES","og_type":"article","og_title":"Reforma general del Bages Centre de Manresa - Obrallar","og_description":"Obra para aportar modernidad y hacer una nueva redistribuci\u00f3n del espacio. La arquitecto, Marta Batll\u00e9, realiz\u00f3 el dise\u00f1o.","og_url":"https:\/\/www.obrallar.com\/es\/projecte\/bages-centre\/","og_site_name":"Obrallar","article_modified_time":"2017-11-22T12:43:03+00:00","twitter_card":"summary_large_image","twitter_misc":{"Tiempo de lectura":"1 minuto"},"schema":{"@context":"https:\/\/schema.org","@graph":[{"@type":"WebPage","@id":"https:\/\/www.obrallar.com\/es\/projecte\/bages-centre\/","url":"https:\/\/www.obrallar.com\/es\/projecte\/bages-centre\/","name":"Reforma general del Bages Centre de Manresa - Obrallar","isPartOf":{"@id":"https:\/\/www.obrallar.com\/#website"},"datePublished":"2017-06-01T16:20:31+00:00","dateModified":"2017-11-22T12:43:03+00:00","description":"Obra para aportar modernidad y hacer una nueva redistribuci\u00f3n del espacio. La arquitecto, Marta Batll\u00e9, realiz\u00f3 el dise\u00f1o.","breadcrumb":{"@id":"https:\/\/www.obrallar.com\/es\/projecte\/bages-centre\/#breadcrumb"},"inLanguage":"es","potentialAction":[{"@type":"ReadAction","target":["https:\/\/www.obrallar.com\/es\/projecte\/bages-centre\/"]}]},{"@type":"BreadcrumbList","@id":"https:\/\/www.obrallar.com\/es\/projecte\/bages-centre\/#breadcrumb","itemListElement":[{"@type":"ListItem","position":1,"name":"Inici","item":"https:\/\/www.obrallar.com\/es\/"},{"@type":"ListItem","position":2,"name":"Projects","item":"https:\/\/www.obrallar.com\/projecte\/"},{"@type":"ListItem","position":3,"name":"Bages Centro"}]},{"@type":"WebSite","@id":"https:\/\/www.obrallar.com\/#website","url":"https:\/\/www.obrallar.com\/","name":"Obrallar","description":"Serveis de reforma","potentialAction":[{"@type":"SearchAction","target":{"@type":"EntryPoint","urlTemplate":"https:\/\/www.obrallar.com\/?s={search_term_string}"},"query-input":{"@type":"PropertyValueSpecification","valueRequired":true,"valueName":"search_term_string"}}],"inLanguage":"es"}]}},"_links":{"self":[{"href":"https:\/\/www.obrallar.com\/es\/wp-json\/wp\/v2\/project\/11363","targetHints":{"allow":["GET"]}}],"collection":[{"href":"https:\/\/www.obrallar.com\/es\/wp-json\/wp\/v2\/project"}],"about":[{"href":"https:\/\/www.obrallar.com\/es\/wp-json\/wp\/v2\/types\/project"}],"author":[{"embeddable":true,"href":"https:\/\/www.obrallar.com\/es\/wp-json\/wp\/v2\/users\/1"}],"replies":[{"embeddable":true,"href":"https:\/\/www.obrallar.com\/es\/wp-json\/wp\/v2\/comments?post=11363"}],"version-history":[{"count":1,"href":"https:\/\/www.obrallar.com\/es\/wp-json\/wp\/v2\/project\/11363\/revisions"}],"predecessor-version":[{"id":11380,"href":"https:\/\/www.obrallar.com\/es\/wp-json\/wp\/v2\/project\/11363\/revisions\/11380"}],"wp:attachment":[{"href":"https:\/\/www.obrallar.com\/es\/wp-json\/wp\/v2\/media?parent=11363"}],"wp:term":[{"taxonomy":"pj-categs","embeddable":true,"href":"https:\/\/www.obrallar.com\/es\/wp-json\/wp\/v2\/pj-categs?post=11363"},{"taxonomy":"pj-tags","embeddable":true,"href":"https:\/\/www.obrallar.com\/es\/wp-json\/wp\/v2\/pj-tags?post=11363"}],"curies":[{"name":"wp","href":"https:\/\/api.w.org\/{rel}","templated":true}]}}